{"id":14415,"date":"2020-12-02T23:20:24","date_gmt":"2021-01-21T09:07:23","guid":{"rendered":"https:\/\/nationalstore.be\/?post_type=product&#038;p=14415"},"modified":"2022-09-26T16:00:48","modified_gmt":"2022-09-26T14:00:48","slug":"ozferti-solarius-gamma-vinyl","status":"publish","type":"product","link":"https:\/\/nationalstore.be\/fr\/produit\/ozferti-solarius-gamma-vinyl","title":{"rendered":"Ozferti \u2013 Solarius Gamma vinyl"},"content":{"rendered":"<p><span style=\"font-family: georgia, palatino, serif; font-size: 12pt;\" data-mce-style=\"font-family: georgia, palatino, serif; font-size: 12pt;\">Florian Doucet est un v\u00e9t\u00e9ran de la musique. Avant de se consacrer enti\u00e8rement \u00e0 Ozferti, il a tourn\u00e9 dans le monde entier et en studio avec le groupe afro-colombien LA CHIVA GANTIVA (Crammed Discs) et le groupe afro-portugais TERRAKOTA (Fazuma).<\/span><\/p>\n<p><span style=\"font-family: georgia, palatino, serif; font-size: 12pt;\" data-mce-style=\"font-family: georgia, palatino, serif; font-size: 12pt;\">Il avait un appel pour la musique moderne \u00e9thiopienne, et en 2016 sort le EP ADDIS ABOUMBAP, 11 titres d&#8217;EthioJazz et des paysages \u00e9lectroniques. Le disque a \u00e9t\u00e9 salu\u00e9 par la critique et a \u00e9t\u00e9 largement diffus\u00e9 par des DJ et radios underground (DJ Mellow \/ LOW UP, BEAT CHRONIC, Radio Nova Paris) mais aussi sur de grandes stations (KCRW Los Angeles, Worldwide FM, RINSE fm France).<\/span><\/p>\n<p><span style=\"font-family: georgia, palatino, serif; font-size: 12pt;\" data-mce-style=\"font-family: georgia, palatino, serif; font-size: 12pt;\">Ce fut le d\u00e9but du projet Ozferti, une aventure qui r\u00e9sumerait les comp\u00e9tences musicales et visuelles de Flo. La musique contient des \u00e9l\u00e9ments de musique Electronica, Jazz, Hip-hop et Bass, tout en utilisant la couleur et la richesse des instruments et des rythmes est-africains. C&#8217;est une odyss\u00e9e spatiale, d\u00e9peignant l&#8217;histoire d&#8217;une plan\u00e8te violette et d&#8217;un musicien masqu\u00e9, un endroit \u00e9trange qui nous fait r\u00e9fl\u00e9chir sur notre propre monde.<\/span><\/p>\n","protected":false},"excerpt":{"rendered":"<p><span style=\"font-family: georgia, palatino, serif;\" data-mce-style=\"font-family: georgia, palatino, serif;\">Bienvenue \u00e0 Nubia Nova, l&#8217;univers afro-sci-fi cr\u00e9\u00e9 par le graphiste et beatmaker Florian Doucet pour son alter-ego masqu\u00e9, Ozferti. Soyez pr\u00eat pour des beats \u00e9lectro savoureux agr\u00e9ment\u00e9s d&#8217;\u00e9chantillons de premi\u00e8re main et de travail de guitare en direct. Laissez les visuels color\u00e9s vous emmener dans une galaxie inconnue.<\/span><\/p>\n<p><iframe style=\"border: 0; width: 100%; height: 472px;\" src=\"https:\/\/bandcamp.com\/EmbeddedPlayer\/album=4254121958\/size=large\/bgcol=ffffff\/linkcol=0687f5\/artwork=none\/transparent=true\/\" seamless=\"\" data-mce-src=\"https:\/\/bandcamp.com\/EmbeddedPlayer\/album=4254121958\/size=large\/bgcol=ffffff\/linkcol=0687f5\/artwork=none\/transparent=true\/\" data-mce-style=\"border: 0; width: 100%; height: 472px;\"><a href=\"https:\/\/nubianovarecords.bandcamp.com\/album\/solarius-gamma\">Solarius Gamma by Ozferti<\/a><\/iframe><\/p>\n","protected":false},"featured_media":5219,"template":"","meta":[],"product_cat":[1451,2732,2741,2738,533,908],"product_tag":[3018],"yoast_head":"<!-- This site is optimized with the Yoast SEO plugin v19.1 - https:\/\/yoast.com\/wordpress\/plugins\/seo\/ -->\n<title>Ozferti \u2013 Solarius Gamma vinyl | E-shop artistes belges<\/title>\n<meta name=\"description\" content=\"Acheter un produit comme Ozferti \u2013 Solarius Gamma vinyl? Laissez vous surprendre par nos artistes belges sp\u00e9cialis\u00e9s en produits artisanaux!\" \/>\n<meta name=\"robots\" content=\"index, follow, max-snippet:-1, max-image-preview:large, max-video-preview:-1\" \/>\n<link rel=\"canonical\" href=\"https:\/\/nationalstore.be\/fr\/produit\/ozferti-solarius-gamma-vinyl\" \/>\n<meta property=\"og:locale\" content=\"fr_FR\" \/>\n<meta property=\"og:type\" content=\"article\" \/>\n<meta property=\"og:title\" content=\"Ozferti \u2013 Solarius Gamma vinyl | E-shop artistes belges\" \/>\n<meta property=\"og:description\" content=\"Acheter un produit comme Ozferti \u2013 Solarius Gamma vinyl? Laissez vous surprendre par nos artistes belges sp\u00e9cialis\u00e9s en produits artisanaux!\" \/>\n<meta property=\"og:url\" content=\"https:\/\/nationalstore.be\/fr\/produit\/ozferti-solarius-gamma-vinyl\" \/>\n<meta property=\"og:site_name\" content=\"NATIONA(A)L ARTIST SUPERMARKET\" \/>\n<meta property=\"article:publisher\" content=\"https:\/\/www.facebook.com\/nationalstore\/?ref=br_rs\" \/>\n<meta property=\"article:modified_time\" content=\"2022-09-26T14:00:48+00:00\" \/>\n<meta property=\"og:image\" content=\"https:\/\/nationalstore.be\/wp-content\/uploads\/2020\/12\/0018713522_10.jpg\" \/>\n\t<meta property=\"og:image:width\" content=\"1200\" \/>\n\t<meta property=\"og:image:height\" content=\"902\" \/>\n\t<meta property=\"og:image:type\" content=\"image\/jpeg\" \/>\n<meta name=\"twitter:card\" content=\"summary_large_image\" \/>\n<meta name=\"twitter:site\" content=\"@Nationalstore\" \/>\n<meta name=\"twitter:label1\" content=\"Dur\u00e9e de lecture estim\u00e9e\" \/>\n\t<meta name=\"twitter:data1\" content=\"1 minute\" \/>\n<script type=\"application\/ld+json\" class=\"yoast-schema-graph\">{\"@context\":\"https:\/\/schema.org\",\"@graph\":[{\"@type\":\"Organization\",\"@id\":\"https:\/\/nationalstore.be\/fr#organization\",\"name\":\"NATIONA(A)L ARTIST MARKET\",\"url\":\"https:\/\/nationalstore.be\/fr\",\"sameAs\":[\"https:\/\/www.instagram.com\/nationalstore\/\",\"https:\/\/www.facebook.com\/nationalstore\/?ref=br_rs\",\"https:\/\/twitter.com\/Nationalstore\"],\"logo\":{\"@type\":\"ImageObject\",\"inLanguage\":\"fr-FR\",\"@id\":\"https:\/\/nationalstore.be\/fr#\/schema\/logo\/image\/\",\"url\":\"https:\/\/nationalstore.be\/wp-content\/uploads\/2024\/03\/nationaal-logo_mauve-cmjn.png\",\"contentUrl\":\"https:\/\/nationalstore.be\/wp-content\/uploads\/2024\/03\/nationaal-logo_mauve-cmjn.png\",\"width\":3475,\"height\":1352,\"caption\":\"NATIONA(A)L ARTIST MARKET\"},\"image\":{\"@id\":\"https:\/\/nationalstore.be\/fr#\/schema\/logo\/image\/\"}},{\"@type\":\"WebSite\",\"@id\":\"https:\/\/nationalstore.be\/fr#website\",\"url\":\"https:\/\/nationalstore.be\/fr\",\"name\":\"NATIONA(A)L ARTIST SUPERMARKET\",\"description\":\"\",\"publisher\":{\"@id\":\"https:\/\/nationalstore.be\/fr#organization\"},\"potentialAction\":[{\"@type\":\"SearchAction\",\"target\":{\"@type\":\"EntryPoint\",\"urlTemplate\":\"https:\/\/nationalstore.be\/fr?s={search_term_string}\"},\"query-input\":\"required name=search_term_string\"}],\"inLanguage\":\"fr-FR\"},{\"@type\":\"ImageObject\",\"inLanguage\":\"fr-FR\",\"@id\":\"https:\/\/nationalstore.be\/fr\/produit\/ozferti-solarius-gamma-vinyl#primaryimage\",\"url\":\"https:\/\/nationalstore.be\/wp-content\/uploads\/2020\/12\/0018713522_10.jpg\",\"contentUrl\":\"https:\/\/nationalstore.be\/wp-content\/uploads\/2020\/12\/0018713522_10.jpg\",\"width\":1200,\"height\":902},{\"@type\":[\"WebPage\",\"ItemPage\"],\"@id\":\"https:\/\/nationalstore.be\/fr\/produit\/ozferti-solarius-gamma-vinyl#webpage\",\"url\":\"https:\/\/nationalstore.be\/fr\/produit\/ozferti-solarius-gamma-vinyl\",\"name\":\"Ozferti \u2013 Solarius Gamma vinyl | E-shop artistes belges\",\"isPartOf\":{\"@id\":\"https:\/\/nationalstore.be\/fr#website\"},\"primaryImageOfPage\":{\"@id\":\"https:\/\/nationalstore.be\/fr\/produit\/ozferti-solarius-gamma-vinyl#primaryimage\"},\"datePublished\":\"2021-01-21T09:07:23+00:00\",\"dateModified\":\"2022-09-26T14:00:48+00:00\",\"description\":\"Acheter un produit comme Ozferti \u2013 Solarius Gamma vinyl? Laissez vous surprendre par nos artistes belges sp\u00e9cialis\u00e9s en produits artisanaux!\",\"breadcrumb\":{\"@id\":\"https:\/\/nationalstore.be\/fr\/produit\/ozferti-solarius-gamma-vinyl#breadcrumb\"},\"inLanguage\":\"fr-FR\",\"potentialAction\":[{\"@type\":\"ReadAction\",\"target\":[\"https:\/\/nationalstore.be\/fr\/produit\/ozferti-solarius-gamma-vinyl\"]}]},{\"@type\":\"BreadcrumbList\",\"@id\":\"https:\/\/nationalstore.be\/fr\/produit\/ozferti-solarius-gamma-vinyl#breadcrumb\",\"itemListElement\":[{\"@type\":\"ListItem\",\"position\":1,\"name\":\"Home\",\"item\":\"https:\/\/nationalstore.be\/fr\"},{\"@type\":\"ListItem\",\"position\":2,\"name\":\"Produits\",\"item\":\"https:\/\/nationalstore.be\/fr\/shop\"},{\"@type\":\"ListItem\",\"position\":3,\"name\":\"Subcategories\",\"item\":\"https:\/\/nationalstore.be\/fr\/pc\/subcategories-fr\"},{\"@type\":\"ListItem\",\"position\":4,\"name\":\"5 labels de musique belges qui vous feront swinguer\",\"item\":\"https:\/\/nationalstore.be\/fr\/pc\/subcategories-fr\/5-labels-de-musique-belges-qui-vous-feront-swinguer\"},{\"@type\":\"ListItem\",\"position\":5,\"name\":\"Ozferti \u2013 Solarius Gamma vinyl\"}]}]}<\/script>\n<!-- \/ Yoast SEO plugin. -->","yoast_head_json":{"title":"Ozferti \u2013 Solarius Gamma vinyl | E-shop artistes belges","description":"Acheter un produit comme Ozferti \u2013 Solarius Gamma vinyl? Laissez vous surprendre par nos artistes belges sp\u00e9cialis\u00e9s en produits artisanaux!","robots":{"index":"index","follow":"follow","max-snippet":"max-snippet:-1","max-image-preview":"max-image-preview:large","max-video-preview":"max-video-preview:-1"},"canonical":"https:\/\/nationalstore.be\/fr\/produit\/ozferti-solarius-gamma-vinyl","og_locale":"fr_FR","og_type":"article","og_title":"Ozferti \u2013 Solarius Gamma vinyl | E-shop artistes belges","og_description":"Acheter un produit comme Ozferti \u2013 Solarius Gamma vinyl? Laissez vous surprendre par nos artistes belges sp\u00e9cialis\u00e9s en produits artisanaux!","og_url":"https:\/\/nationalstore.be\/fr\/produit\/ozferti-solarius-gamma-vinyl","og_site_name":"NATIONA(A)L ARTIST SUPERMARKET","article_publisher":"https:\/\/www.facebook.com\/nationalstore\/?ref=br_rs","article_modified_time":"2022-09-26T14:00:48+00:00","og_image":[{"width":1200,"height":902,"url":"https:\/\/nationalstore.be\/wp-content\/uploads\/2020\/12\/0018713522_10.jpg","type":"image\/jpeg"}],"twitter_card":"summary_large_image","twitter_site":"@Nationalstore","twitter_misc":{"Dur\u00e9e de lecture estim\u00e9e":"1 minute"},"schema":{"@context":"https:\/\/schema.org","@graph":[{"@type":"Organization","@id":"https:\/\/nationalstore.be\/fr#organization","name":"NATIONA(A)L ARTIST MARKET","url":"https:\/\/nationalstore.be\/fr","sameAs":["https:\/\/www.instagram.com\/nationalstore\/","https:\/\/www.facebook.com\/nationalstore\/?ref=br_rs","https:\/\/twitter.com\/Nationalstore"],"logo":{"@type":"ImageObject","inLanguage":"fr-FR","@id":"https:\/\/nationalstore.be\/fr#\/schema\/logo\/image\/","url":"https:\/\/nationalstore.be\/wp-content\/uploads\/2024\/03\/nationaal-logo_mauve-cmjn.png","contentUrl":"https:\/\/nationalstore.be\/wp-content\/uploads\/2024\/03\/nationaal-logo_mauve-cmjn.png","width":3475,"height":1352,"caption":"NATIONA(A)L ARTIST MARKET"},"image":{"@id":"https:\/\/nationalstore.be\/fr#\/schema\/logo\/image\/"}},{"@type":"WebSite","@id":"https:\/\/nationalstore.be\/fr#website","url":"https:\/\/nationalstore.be\/fr","name":"NATIONA(A)L ARTIST SUPERMARKET","description":"","publisher":{"@id":"https:\/\/nationalstore.be\/fr#organization"},"potentialAction":[{"@type":"SearchAction","target":{"@type":"EntryPoint","urlTemplate":"https:\/\/nationalstore.be\/fr?s={search_term_string}"},"query-input":"required name=search_term_string"}],"inLanguage":"fr-FR"},{"@type":"ImageObject","inLanguage":"fr-FR","@id":"https:\/\/nationalstore.be\/fr\/produit\/ozferti-solarius-gamma-vinyl#primaryimage","url":"https:\/\/nationalstore.be\/wp-content\/uploads\/2020\/12\/0018713522_10.jpg","contentUrl":"https:\/\/nationalstore.be\/wp-content\/uploads\/2020\/12\/0018713522_10.jpg","width":1200,"height":902},{"@type":["WebPage","ItemPage"],"@id":"https:\/\/nationalstore.be\/fr\/produit\/ozferti-solarius-gamma-vinyl#webpage","url":"https:\/\/nationalstore.be\/fr\/produit\/ozferti-solarius-gamma-vinyl","name":"Ozferti \u2013 Solarius Gamma vinyl | E-shop artistes belges","isPartOf":{"@id":"https:\/\/nationalstore.be\/fr#website"},"primaryImageOfPage":{"@id":"https:\/\/nationalstore.be\/fr\/produit\/ozferti-solarius-gamma-vinyl#primaryimage"},"datePublished":"2021-01-21T09:07:23+00:00","dateModified":"2022-09-26T14:00:48+00:00","description":"Acheter un produit comme Ozferti \u2013 Solarius Gamma vinyl? Laissez vous surprendre par nos artistes belges sp\u00e9cialis\u00e9s en produits artisanaux!","breadcrumb":{"@id":"https:\/\/nationalstore.be\/fr\/produit\/ozferti-solarius-gamma-vinyl#breadcrumb"},"inLanguage":"fr-FR","potentialAction":[{"@type":"ReadAction","target":["https:\/\/nationalstore.be\/fr\/produit\/ozferti-solarius-gamma-vinyl"]}]},{"@type":"BreadcrumbList","@id":"https:\/\/nationalstore.be\/fr\/produit\/ozferti-solarius-gamma-vinyl#breadcrumb","itemListElement":[{"@type":"ListItem","position":1,"name":"Home","item":"https:\/\/nationalstore.be\/fr"},{"@type":"ListItem","position":2,"name":"Produits","item":"https:\/\/nationalstore.be\/fr\/shop"},{"@type":"ListItem","position":3,"name":"Subcategories","item":"https:\/\/nationalstore.be\/fr\/pc\/subcategories-fr"},{"@type":"ListItem","position":4,"name":"5 labels de musique belges qui vous feront swinguer","item":"https:\/\/nationalstore.be\/fr\/pc\/subcategories-fr\/5-labels-de-musique-belges-qui-vous-feront-swinguer"},{"@type":"ListItem","position":5,"name":"Ozferti \u2013 Solarius Gamma vinyl"}]}]}},"_links":{"self":[{"href":"https:\/\/nationalstore.be\/fr\/wp-json\/wp\/v2\/product\/14415"}],"collection":[{"href":"https:\/\/nationalstore.be\/fr\/wp-json\/wp\/v2\/product"}],"about":[{"href":"https:\/\/nationalstore.be\/fr\/wp-json\/wp\/v2\/types\/product"}],"wp:featuredmedia":[{"embeddable":true,"href":"https:\/\/nationalstore.be\/fr\/wp-json\/wp\/v2\/media\/5219"}],"wp:attachment":[{"href":"https:\/\/nationalstore.be\/fr\/wp-json\/wp\/v2\/media?parent=14415"}],"wp:term":[{"taxonomy":"product_cat","embeddable":true,"href":"https:\/\/nationalstore.be\/fr\/wp-json\/wp\/v2\/product_cat?post=14415"},{"taxonomy":"product_tag","embeddable":true,"href":"https:\/\/nationalstore.be\/fr\/wp-json\/wp\/v2\/product_tag?post=14415"}],"curies":[{"name":"wp","href":"https:\/\/api.w.org\/{rel}","templated":true}]}}